{"id":34,"date":"2023-04-26T13:33:14","date_gmt":"2023-04-26T11:33:14","guid":{"rendered":"http:\/\/etcgoncalves.fr\/?page_id=34"},"modified":"2023-08-07T13:23:23","modified_gmt":"2023-08-07T11:23:23","slug":"balcon-toit-terrasse","status":"publish","type":"page","link":"https:\/\/etcgoncalves.fr\/index.php\/balcon-toit-terrasse\/","title":{"rendered":"Balcon\/Toit Terrasse"},"content":{"rendered":"\t\t<div data-elementor-type=\"wp-page\" data-elementor-id=\"34\" class=\"elementor elementor-34\">\n\t\t\t\t\t\t<section class=\"elementor-section elementor-top-section elementor-element elementor-element-824c259 elementor-section-boxed elementor-section-height-default elementor-section-height-default\" data-id=\"824c259\" data-element_type=\"section\">\n\t\t\t\t\t\t<div class=\"elementor-container elementor-column-gap-default\">\n\t\t\t\t\t<div class=\"elementor-column elementor-col-100 elementor-top-column elementor-element elementor-element-7800cc6\" data-id=\"7800cc6\" data-element_type=\"column\">\n\t\t\t<div class=\"elementor-widget-wrap elementor-element-populated\">\n\t\t\t\t\t\t<div class=\"elementor-element elementor-element-38bf247 elementor-widget elementor-widget-spacer\" data-id=\"38bf247\" data-element_type=\"widget\" data-widget_type=\"spacer.default\">\n\t\t\t\t<div class=\"elementor-widget-container\">\n\t\t\t\t\t\t\t<div class=\"elementor-spacer\">\n\t\t\t<div class=\"elementor-spacer-inner\"><\/div>\n\t\t<\/div>\n\t\t\t\t\t\t<\/div>\n\t\t\t\t<\/div>\n\t\t\t\t<div class=\"elementor-element elementor-element-28b48ff elementor-widget elementor-widget-heading\" data-id=\"28b48ff\" data-element_type=\"widget\" data-widget_type=\"heading.default\">\n\t\t\t\t<div class=\"elementor-widget-container\">\n\t\t\t\t\t<h2 class=\"elementor-heading-title elementor-size-default\">Pourquoi \u00e9tancher votre balcon ou toit terrasse ? <\/h2>\t\t\t\t<\/div>\n\t\t\t\t<\/div>\n\t\t\t\t\t<\/div>\n\t\t<\/div>\n\t\t\t\t\t<\/div>\n\t\t<\/section>\n\t\t\t\t<section class=\"elementor-section elementor-top-section elementor-element elementor-element-088d4d9 elementor-section-boxed elementor-section-height-default elementor-section-height-default\" data-id=\"088d4d9\" data-element_type=\"section\">\n\t\t\t\t\t\t<div class=\"elementor-container elementor-column-gap-default\">\n\t\t\t\t\t<div class=\"elementor-column elementor-col-50 elementor-top-column elementor-element elementor-element-699d52c\" data-id=\"699d52c\" data-element_type=\"column\">\n\t\t\t<div class=\"elementor-widget-wrap elementor-element-populated\">\n\t\t\t\t\t\t<div class=\"elementor-element elementor-element-4d82bcb elementor-widget elementor-widget-text-editor\" data-id=\"4d82bcb\" data-element_type=\"widget\" data-widget_type=\"text-editor.default\">\n\t\t\t\t<div class=\"elementor-widget-container\">\n\t\t\t\t\t\t\t\t\t<p>Il est essentiel de faire appel \u00e0 un \u00e9tancheur pour un balcon ou un toit terrasse afin d&rsquo;<strong>emp\u00eacher les infiltrations d&rsquo;eau qui peuvent causer des dommages structurels importants, ETC est disponible <span style=\"color: var( --e-global-color-text ); font-family: var( --e-global-typography-text-font-family ), Sans-serif; font-size: 1rem;\">\u00e0 Clermont-Ferrand, dans le Puy-de-d\u00f4me (63) et l&rsquo;Auvergne<\/span>.<\/strong><\/p><p>Les balcons et toits-terrasses sont toujours expos\u00e9s aux intemp\u00e9ries, comme le soleil, la pluie, la neige et le gel, ce qui peut entra\u00eener des fissures et des dommages aux mat\u00e9riaux de construction.<strong> Lorsque l&rsquo;eau p\u00e9n\u00e8tre \u00e0 l&rsquo;int\u00e9rieur des mat\u00e9riaux, elle peut provoquer des moisissures, des pourritures et des d\u00e9gradations esth\u00e9tiques et structurelles.<\/strong><\/p><p>En outre, l&rsquo;eau peut endommager les \u00e9quipements install\u00e9s sur le balcon ou le toit-terrasse, tels que les climatiseurs ou les panneaux solaires. <strong>Par cons\u00e9quent, une bonne \u00e9tanch\u00e9it\u00e9 est essentielle pour prolonger la dur\u00e9e de vie de votre balcon ou toit-terrasse et \u00e9viter des r\u00e9parations co\u00fbteuses \u00e0 l&rsquo;avenir.<\/strong><\/p>\t\t\t\t\t\t\t\t<\/div>\n\t\t\t\t<\/div>\n\t\t\t\t<div class=\"elementor-element elementor-element-40b0316 elementor-widget elementor-widget-heading\" data-id=\"40b0316\" data-element_type=\"widget\" data-widget_type=\"heading.default\">\n\t\t\t\t<div class=\"elementor-widget-container\">\n\t\t\t\t\t<h3 class=\"elementor-heading-title elementor-size-default\">Lorsqu'il s'agit de poser une \u00e9tanch\u00e9it\u00e9, il est crucial de respecter certaines r\u00e8gles pour assurer une protection optimale contre les infiltrations d'eau. <\/h3>\t\t\t\t<\/div>\n\t\t\t\t<\/div>\n\t\t\t\t\t<\/div>\n\t\t<\/div>\n\t\t\t\t<div class=\"elementor-column elementor-col-50 elementor-top-column elementor-element elementor-element-6938bc7\" data-id=\"6938bc7\" data-element_type=\"column\">\n\t\t\t<div class=\"elementor-widget-wrap elementor-element-populated\">\n\t\t\t\t\t\t<div class=\"elementor-element elementor-element-6f258a3 elementor-widget elementor-widget-image\" data-id=\"6f258a3\" data-element_type=\"widget\" data-widget_type=\"image.default\">\n\t\t\t\t<div class=\"elementor-widget-container\">\n\t\t\t\t\t\t\t\t\t\t\t\t\t\t\t<img fetchpriority=\"high\" decoding=\"async\" width=\"750\" height=\"1000\" src=\"https:\/\/etcgoncalves.fr\/wp-content\/uploads\/2023\/05\/etancheite-toit-terrasse-etc-goncalves-rotated.jpg\" class=\"attachment-large size-large wp-image-253\" alt=\"\" srcset=\"https:\/\/etcgoncalves.fr\/wp-content\/uploads\/2023\/05\/etancheite-toit-terrasse-etc-goncalves-rotated.jpg 750w, https:\/\/etcgoncalves.fr\/wp-content\/uploads\/2023\/05\/etancheite-toit-terrasse-etc-goncalves-225x300.jpg 225w\" sizes=\"(max-width: 750px) 100vw, 750px\" \/>\t\t\t\t\t\t\t\t\t\t\t\t\t\t\t<\/div>\n\t\t\t\t<\/div>\n\t\t\t\t\t<\/div>\n\t\t<\/div>\n\t\t\t\t\t<\/div>\n\t\t<\/section>\n\t\t\t\t<section class=\"elementor-section elementor-top-section elementor-element elementor-element-2228e3e elementor-section-boxed elementor-section-height-default elementor-section-height-default\" data-id=\"2228e3e\" data-element_type=\"section\">\n\t\t\t\t\t\t<div class=\"elementor-container elementor-column-gap-default\">\n\t\t\t\t\t<div class=\"elementor-column elementor-col-100 elementor-top-column elementor-element elementor-element-8180e8b\" data-id=\"8180e8b\" data-element_type=\"column\">\n\t\t\t<div class=\"elementor-widget-wrap elementor-element-populated\">\n\t\t\t\t\t\t<div class=\"elementor-element elementor-element-9f7beae elementor-widget elementor-widget-text-editor\" data-id=\"9f7beae\" data-element_type=\"widget\" data-widget_type=\"text-editor.default\">\n\t\t\t\t<div class=\"elementor-widget-container\">\n\t\t\t\t\t\t\t\t\t<p><span style=\"color: var( --e-global-color-text ); font-family: var( --e-global-typography-text-font-family ), Sans-serif; font-weight: var( --e-global-typography-text-font-weight ); font-size: 1rem;\"><strong>Les DTU, ou documents techniques unifi\u00e9s, r\u00e9gissent les normes et les bonnes pratiques \u00e0 suivre dans le b\u00e2timent.<\/strong> En particulier, pour l&rsquo;\u00e9tanch\u00e9it\u00e9, le DTU 43 est celui qui r\u00e9git les r\u00e8gles \u00e0 suivre. <\/span><\/p><p><span style=\"color: var( --e-global-color-text ); font-family: var( --e-global-typography-text-font-family ), Sans-serif; font-weight: var( --e-global-typography-text-font-weight ); font-size: 1rem;\">Il est important de choisir le bon DTU en fonction des travaux \u00e0 r\u00e9aliser, en prenant en compte le support sur lequel l&rsquo;\u00e9tanch\u00e9it\u00e9 sera pos\u00e9e : t\u00f4les d&rsquo;acier nervur\u00e9, \u00e9l\u00e9ment porteur en ma\u00e7onnerie, \u00e9l\u00e9ment porteur en bois, etc. <\/span><\/p><p><span style=\"color: var( --e-global-color-text ); font-family: var( --e-global-typography-text-font-family ), Sans-serif; font-weight: var( --e-global-typography-text-font-weight ); font-size: 1rem;\">De plus, le climat est \u00e9galement un \u00e9l\u00e9ment cl\u00e9 \u00e0 prendre en compte, car les normes ne seront pas identiques dans un climat de montagne et dans un climat de plaine. <strong>En respectant les DTU appropri\u00e9s et en prenant en compte les conditions sp\u00e9cifiques du lieu de travail, nous vous garantissons une \u00e9tanch\u00e9it\u00e9 efficace et durable \u00e0 Clermont-Ferrand, dans le Puy-de-d\u00f4me (63) et l&rsquo;Auvergne.<\/strong><\/span><\/p>\t\t\t\t\t\t\t\t<\/div>\n\t\t\t\t<\/div>\n\t\t\t\t<div class=\"elementor-element elementor-element-18e86bd elementor-align-center elementor-widget elementor-widget-button\" data-id=\"18e86bd\" data-element_type=\"widget\" data-widget_type=\"button.default\">\n\t\t\t\t<div class=\"elementor-widget-container\">\n\t\t\t\t\t\t\t\t\t<div class=\"elementor-button-wrapper\">\n\t\t\t\t\t<a class=\"elementor-button elementor-button-link elementor-size-sm\" href=\"http:\/\/etcgoncalves.fr\/index.php\/contact\/\">\n\t\t\t\t\t\t<span class=\"elementor-button-content-wrapper\">\n\t\t\t\t\t\t\t\t\t<span class=\"elementor-button-text\">Demander un devis<\/span>\n\t\t\t\t\t<\/span>\n\t\t\t\t\t<\/a>\n\t\t\t\t<\/div>\n\t\t\t\t\t\t\t\t<\/div>\n\t\t\t\t<\/div>\n\t\t\t\t<div class=\"elementor-element elementor-element-f320fce elementor-widget elementor-widget-heading\" data-id=\"f320fce\" data-element_type=\"widget\" data-widget_type=\"heading.default\">\n\t\t\t\t<div class=\"elementor-widget-container\">\n\t\t\t\t\t<h2 class=\"elementor-heading-title elementor-size-default\">Quels rev\u00eatements possibles apr\u00e8s l'\u00e9tanch\u00e9it\u00e9 ? <\/h2>\t\t\t\t<\/div>\n\t\t\t\t<\/div>\n\t\t\t\t\t<\/div>\n\t\t<\/div>\n\t\t\t\t\t<\/div>\n\t\t<\/section>\n\t\t\t\t<section class=\"elementor-section elementor-top-section elementor-element elementor-element-1c2b116 elementor-section-boxed elementor-section-height-default elementor-section-height-default\" data-id=\"1c2b116\" data-element_type=\"section\">\n\t\t\t\t\t\t<div class=\"elementor-container elementor-column-gap-custom\">\n\t\t\t\t\t<div class=\"elementor-column elementor-col-50 elementor-top-column elementor-element elementor-element-df5e414\" data-id=\"df5e414\" data-element_type=\"column\" data-settings=\"{&quot;background_background&quot;:&quot;classic&quot;}\">\n\t\t\t<div class=\"elementor-widget-wrap elementor-element-populated\">\n\t\t\t\t\t\t<div class=\"elementor-element elementor-element-49605c9 elementor-widget elementor-widget-image\" data-id=\"49605c9\" data-element_type=\"widget\" data-widget_type=\"image.default\">\n\t\t\t\t<div class=\"elementor-widget-container\">\n\t\t\t\t\t\t\t\t\t\t\t\t\t\t\t<img decoding=\"async\" width=\"2117\" height=\"3171\" src=\"https:\/\/etcgoncalves.fr\/wp-content\/uploads\/2023\/05\/Icons-circulable_Plan-de-travail-1-01.png\" class=\"attachment-full size-full wp-image-264\" alt=\"\" srcset=\"https:\/\/etcgoncalves.fr\/wp-content\/uploads\/2023\/05\/Icons-circulable_Plan-de-travail-1-01.png 2117w, https:\/\/etcgoncalves.fr\/wp-content\/uploads\/2023\/05\/Icons-circulable_Plan-de-travail-1-01-200x300.png 200w, https:\/\/etcgoncalves.fr\/wp-content\/uploads\/2023\/05\/Icons-circulable_Plan-de-travail-1-01-684x1024.png 684w, https:\/\/etcgoncalves.fr\/wp-content\/uploads\/2023\/05\/Icons-circulable_Plan-de-travail-1-01-768x1150.png 768w, https:\/\/etcgoncalves.fr\/wp-content\/uploads\/2023\/05\/Icons-circulable_Plan-de-travail-1-01-1025x1536.png 1025w, https:\/\/etcgoncalves.fr\/wp-content\/uploads\/2023\/05\/Icons-circulable_Plan-de-travail-1-01-1367x2048.png 1367w\" sizes=\"(max-width: 2117px) 100vw, 2117px\" \/>\t\t\t\t\t\t\t\t\t\t\t\t\t\t\t<\/div>\n\t\t\t\t<\/div>\n\t\t\t\t<div class=\"elementor-element elementor-element-05ace09 elementor-widget elementor-widget-heading\" data-id=\"05ace09\" data-element_type=\"widget\" data-widget_type=\"heading.default\">\n\t\t\t\t<div class=\"elementor-widget-container\">\n\t\t\t\t\t<h2 class=\"elementor-heading-title elementor-size-default\">Dalles sur plots<\/h2>\t\t\t\t<\/div>\n\t\t\t\t<\/div>\n\t\t\t\t<div class=\"elementor-element elementor-element-f68f0b3 elementor-pagination-position-inside elementor-arrows-position-inside elementor-widget elementor-widget-image-carousel\" data-id=\"f68f0b3\" data-element_type=\"widget\" data-settings=\"{&quot;slides_to_show&quot;:&quot;1&quot;,&quot;navigation&quot;:&quot;both&quot;,&quot;autoplay&quot;:&quot;yes&quot;,&quot;pause_on_hover&quot;:&quot;yes&quot;,&quot;pause_on_interaction&quot;:&quot;yes&quot;,&quot;autoplay_speed&quot;:5000,&quot;infinite&quot;:&quot;yes&quot;,&quot;effect&quot;:&quot;slide&quot;,&quot;speed&quot;:500}\" data-widget_type=\"image-carousel.default\">\n\t\t\t\t<div class=\"elementor-widget-container\">\n\t\t\t\t\t\t\t<div class=\"elementor-image-carousel-wrapper swiper\" role=\"region\" aria-roledescription=\"carousel\" aria-label=\"Carrousel d\u2019images\" dir=\"ltr\">\n\t\t\t<div class=\"elementor-image-carousel swiper-wrapper\" aria-live=\"off\">\n\t\t\t\t\t\t\t\t<div class=\"swiper-slide\" role=\"group\" aria-roledescription=\"slide\" aria-label=\"1 sur 4\"><figure class=\"swiper-slide-inner\"><img decoding=\"async\" class=\"swiper-slide-image\" src=\"https:\/\/etcgoncalves.fr\/wp-content\/uploads\/2023\/05\/dalles-sur-plots2.jpg\" alt=\"dalles sur plots2\" \/><\/figure><\/div><div class=\"swiper-slide\" role=\"group\" aria-roledescription=\"slide\" aria-label=\"2 sur 4\"><figure class=\"swiper-slide-inner\"><img decoding=\"async\" class=\"swiper-slide-image\" src=\"https:\/\/etcgoncalves.fr\/wp-content\/uploads\/2023\/05\/dalles-sur-plots.jpg\" alt=\"dalles sur plots\" \/><\/figure><\/div><div class=\"swiper-slide\" role=\"group\" aria-roledescription=\"slide\" aria-label=\"3 sur 4\"><figure class=\"swiper-slide-inner\"><img decoding=\"async\" class=\"swiper-slide-image\" src=\"https:\/\/etcgoncalves.fr\/wp-content\/uploads\/2023\/05\/dalles-sur-plots3.jpg\" alt=\"dalles sur plots3\" \/><\/figure><\/div><div class=\"swiper-slide\" role=\"group\" aria-roledescription=\"slide\" aria-label=\"4 sur 4\"><figure class=\"swiper-slide-inner\"><img decoding=\"async\" class=\"swiper-slide-image\" src=\"https:\/\/etcgoncalves.fr\/wp-content\/uploads\/2023\/05\/dalles-sur-plots4.jpg\" alt=\"dalles sur plots4\" \/><\/figure><\/div>\t\t\t<\/div>\n\t\t\t\t\t\t\t\t\t\t\t\t<div class=\"elementor-swiper-button elementor-swiper-button-prev\" role=\"button\" tabindex=\"0\">\n\t\t\t\t\t\t<i aria-hidden=\"true\" class=\"eicon-chevron-left\"><\/i>\t\t\t\t\t<\/div>\n\t\t\t\t\t<div class=\"elementor-swiper-button elementor-swiper-button-next\" role=\"button\" tabindex=\"0\">\n\t\t\t\t\t\t<i aria-hidden=\"true\" class=\"eicon-chevron-right\"><\/i>\t\t\t\t\t<\/div>\n\t\t\t\t\n\t\t\t\t\t\t\t\t\t<div class=\"swiper-pagination\"><\/div>\n\t\t\t\t\t\t\t\t\t<\/div>\n\t\t\t\t\t\t<\/div>\n\t\t\t\t<\/div>\n\t\t\t\t<div class=\"elementor-element elementor-element-9eeef0a elementor-widget elementor-widget-text-editor\" data-id=\"9eeef0a\" data-element_type=\"widget\" data-widget_type=\"text-editor.default\">\n\t\t\t\t<div class=\"elementor-widget-container\">\n\t\t\t\t\t\t\t\t\t<p>Les dalles pos\u00e9es sur des plots sont tr\u00e8s courantes en tant que rev\u00eatement de sol pour les zones circulables, car elles pr\u00e9sentent plusieurs avantages :&nbsp;<\/p>\n<ul>\n<li>emp\u00eachent l&rsquo;accumulation d&rsquo;eau, car elles ne sont pas jointes, mais simplement pos\u00e9es sur des plots, permettant \u00e0 l&rsquo;eau de s&rsquo;\u00e9couler librement entre chaque dalle.<\/li>\n<li>permettent de corriger les irr\u00e9gularit\u00e9s du support et de compenser les pentes.<\/li>\n<\/ul>\n<p>Il existe diff\u00e9rents types de dalles sur plots : dalles en c\u00e9ramique ou dalles en b\u00e9ton. Et diff\u00e9rents formats : dalles carr\u00e9es ou rectangulaires.<\/p>\n<p>La dalle en c\u00e9ramique est particuli\u00e8rement appr\u00e9ci\u00e9e pour sa r\u00e9sistance, sa l\u00e9g\u00e8ret\u00e9 et sa r\u00e9gularit\u00e9, qui est bien sup\u00e9rieure \u00e0 celle d&rsquo;une dalle en b\u00e9ton. Cette derni\u00e8re est n\u00e9anmoins la solution la plus \u00e9conomique.<\/p>\t\t\t\t\t\t\t\t<\/div>\n\t\t\t\t<\/div>\n\t\t\t\t\t<\/div>\n\t\t<\/div>\n\t\t\t\t<div class=\"elementor-column elementor-col-50 elementor-top-column elementor-element elementor-element-c7318db\" data-id=\"c7318db\" data-element_type=\"column\" data-settings=\"{&quot;background_background&quot;:&quot;classic&quot;}\">\n\t\t\t<div class=\"elementor-widget-wrap elementor-element-populated\">\n\t\t\t\t\t\t<div class=\"elementor-element elementor-element-d9b520c elementor-widget elementor-widget-image\" data-id=\"d9b520c\" data-element_type=\"widget\" data-widget_type=\"image.default\">\n\t\t\t\t<div class=\"elementor-widget-container\">\n\t\t\t\t\t\t\t\t\t\t\t\t\t\t\t<img decoding=\"async\" width=\"2117\" height=\"3171\" src=\"https:\/\/etcgoncalves.fr\/wp-content\/uploads\/2023\/05\/Icons-circulable_Plan-de-travail-1-02.png\" class=\"attachment-full size-full wp-image-265\" alt=\"\" srcset=\"https:\/\/etcgoncalves.fr\/wp-content\/uploads\/2023\/05\/Icons-circulable_Plan-de-travail-1-02.png 2117w, https:\/\/etcgoncalves.fr\/wp-content\/uploads\/2023\/05\/Icons-circulable_Plan-de-travail-1-02-200x300.png 200w, https:\/\/etcgoncalves.fr\/wp-content\/uploads\/2023\/05\/Icons-circulable_Plan-de-travail-1-02-684x1024.png 684w, https:\/\/etcgoncalves.fr\/wp-content\/uploads\/2023\/05\/Icons-circulable_Plan-de-travail-1-02-768x1150.png 768w, https:\/\/etcgoncalves.fr\/wp-content\/uploads\/2023\/05\/Icons-circulable_Plan-de-travail-1-02-1025x1536.png 1025w, https:\/\/etcgoncalves.fr\/wp-content\/uploads\/2023\/05\/Icons-circulable_Plan-de-travail-1-02-1367x2048.png 1367w\" sizes=\"(max-width: 2117px) 100vw, 2117px\" \/>\t\t\t\t\t\t\t\t\t\t\t\t\t\t\t<\/div>\n\t\t\t\t<\/div>\n\t\t\t\t<div class=\"elementor-element elementor-element-ca051f1 elementor-widget elementor-widget-heading\" data-id=\"ca051f1\" data-element_type=\"widget\" data-widget_type=\"heading.default\">\n\t\t\t\t<div class=\"elementor-widget-container\">\n\t\t\t\t\t<h2 class=\"elementor-heading-title elementor-size-default\">Terrasses v\u00e9g\u00e9talis\u00e9es<\/h2>\t\t\t\t<\/div>\n\t\t\t\t<\/div>\n\t\t\t\t<div class=\"elementor-element elementor-element-8ea5248 elementor-pagination-position-inside elementor-arrows-position-inside elementor-widget elementor-widget-image-carousel\" data-id=\"8ea5248\" data-element_type=\"widget\" data-settings=\"{&quot;slides_to_show&quot;:&quot;1&quot;,&quot;navigation&quot;:&quot;both&quot;,&quot;autoplay&quot;:&quot;yes&quot;,&quot;pause_on_hover&quot;:&quot;yes&quot;,&quot;pause_on_interaction&quot;:&quot;yes&quot;,&quot;autoplay_speed&quot;:5000,&quot;infinite&quot;:&quot;yes&quot;,&quot;effect&quot;:&quot;slide&quot;,&quot;speed&quot;:500}\" data-widget_type=\"image-carousel.default\">\n\t\t\t\t<div class=\"elementor-widget-container\">\n\t\t\t\t\t\t\t<div class=\"elementor-image-carousel-wrapper swiper\" role=\"region\" aria-roledescription=\"carousel\" aria-label=\"Carrousel d\u2019images\" dir=\"ltr\">\n\t\t\t<div class=\"elementor-image-carousel swiper-wrapper\" aria-live=\"off\">\n\t\t\t\t\t\t\t\t<div class=\"swiper-slide\" role=\"group\" aria-roledescription=\"slide\" aria-label=\"1 sur 4\"><figure class=\"swiper-slide-inner\"><img decoding=\"async\" class=\"swiper-slide-image\" src=\"https:\/\/etcgoncalves.fr\/wp-content\/uploads\/2023\/08\/etancheite-toit-vegetalise-auvergne-63.jpg\" alt=\"e\u0301tanche\u0301ite\u0301 toit ve\u0301ge\u0301talise\u0301 - auvergne 63\" \/><\/figure><\/div><div class=\"swiper-slide\" role=\"group\" aria-roledescription=\"slide\" aria-label=\"2 sur 4\"><figure class=\"swiper-slide-inner\"><img decoding=\"async\" class=\"swiper-slide-image\" src=\"https:\/\/etcgoncalves.fr\/wp-content\/uploads\/2023\/05\/toit-vegetalise-auvergne.jpg\" alt=\"toit ve\u0301ge\u0301talise\u0301 auvergne\" \/><\/figure><\/div><div class=\"swiper-slide\" role=\"group\" aria-roledescription=\"slide\" aria-label=\"3 sur 4\"><figure class=\"swiper-slide-inner\"><img decoding=\"async\" class=\"swiper-slide-image\" src=\"https:\/\/etcgoncalves.fr\/wp-content\/uploads\/2023\/05\/toit-vegetalise-auvergne2.jpg\" alt=\"toit ve\u0301ge\u0301talise\u0301 auvergne2\" \/><\/figure><\/div><div class=\"swiper-slide\" role=\"group\" aria-roledescription=\"slide\" aria-label=\"4 sur 4\"><figure class=\"swiper-slide-inner\"><img decoding=\"async\" class=\"swiper-slide-image\" src=\"https:\/\/etcgoncalves.fr\/wp-content\/uploads\/2023\/05\/toit-vegetalise-auvergne3.jpg\" alt=\"toit ve\u0301ge\u0301talise\u0301 auvergne3\" \/><\/figure><\/div>\t\t\t<\/div>\n\t\t\t\t\t\t\t\t\t\t\t\t<div class=\"elementor-swiper-button elementor-swiper-button-prev\" role=\"button\" tabindex=\"0\">\n\t\t\t\t\t\t<i aria-hidden=\"true\" class=\"eicon-chevron-left\"><\/i>\t\t\t\t\t<\/div>\n\t\t\t\t\t<div class=\"elementor-swiper-button elementor-swiper-button-next\" role=\"button\" tabindex=\"0\">\n\t\t\t\t\t\t<i aria-hidden=\"true\" class=\"eicon-chevron-right\"><\/i>\t\t\t\t\t<\/div>\n\t\t\t\t\n\t\t\t\t\t\t\t\t\t<div class=\"swiper-pagination\"><\/div>\n\t\t\t\t\t\t\t\t\t<\/div>\n\t\t\t\t\t\t<\/div>\n\t\t\t\t<\/div>\n\t\t\t\t<div class=\"elementor-element elementor-element-20e37f2 elementor-widget elementor-widget-text-editor\" data-id=\"20e37f2\" data-element_type=\"widget\" data-widget_type=\"text-editor.default\">\n\t\t\t\t<div class=\"elementor-widget-container\">\n\t\t\t\t\t\t\t\t\t<p>De plus en plus courante, la v\u00e9g\u00e9talisation des toitures offre de nombreux avantages.<\/p><p>Outre la protection de l&rsquo;\u00e9tanch\u00e9it\u00e9, elle assure<\/p><ul><li>une isolation thermique suppl\u00e9mentaire en \u00e9t\u00e9 et en hiver<\/li><li>une isolation acoustique accrue<\/li><\/ul><p>En outre, la cr\u00e9ation d&rsquo;un espace vert contribue \u00e0 la lutte contre la pollution, au filtrage des polluants atmosph\u00e9riques et \u00e0 la r\u00e9duction des \u00eelots de chaleur en milieu urbain. Cela favorise \u00e9galement le d\u00e9veloppement de la biodiversit\u00e9 en cr\u00e9ant un \u00e9cosyst\u00e8me. \u00c0 noter, n\u00e9anmoins, que ce type de toitures n\u00e9cessite une \u00e9tanch\u00e9it\u00e9 particuli\u00e8re r\u00e9sistante aux racines.\u00a0<\/p><p>Cependant, il est important de noter que les toitures v\u00e9g\u00e9talis\u00e9es ne sont pas con\u00e7ues pour une utilisation comme espace de circulation. <strong>De plus, il est n\u00e9cessaire de pr\u00e9voir un entretien plus r\u00e9gulier et sp\u00e9cifique pour ce type de toitures qui doivent \u00eatre arros\u00e9s.<\/strong><\/p>\t\t\t\t\t\t\t\t<\/div>\n\t\t\t\t<\/div>\n\t\t\t\t<div class=\"elementor-element elementor-element-494dda8 elementor-align-right elementor-widget elementor-widget-button\" data-id=\"494dda8\" data-element_type=\"widget\" data-widget_type=\"button.default\">\n\t\t\t\t<div class=\"elementor-widget-container\">\n\t\t\t\t\t\t\t\t\t<div class=\"elementor-button-wrapper\">\n\t\t\t\t\t<a class=\"elementor-button elementor-button-link elementor-size-sm\" href=\"#\">\n\t\t\t\t\t\t<span class=\"elementor-button-content-wrapper\">\n\t\t\t\t\t\t\t\t\t<span class=\"elementor-button-text\">Demande d'entretien<\/span>\n\t\t\t\t\t<\/span>\n\t\t\t\t\t<\/a>\n\t\t\t\t<\/div>\n\t\t\t\t\t\t\t\t<\/div>\n\t\t\t\t<\/div>\n\t\t\t\t\t<\/div>\n\t\t<\/div>\n\t\t\t\t\t<\/div>\n\t\t<\/section>\n\t\t\t\t<section class=\"elementor-section elementor-top-section elementor-element elementor-element-f74cb79 elementor-section-boxed elementor-section-height-default elementor-section-height-default\" data-id=\"f74cb79\" data-element_type=\"section\">\n\t\t\t\t\t\t<div class=\"elementor-container elementor-column-gap-custom\">\n\t\t\t\t\t<div class=\"elementor-column elementor-col-50 elementor-top-column elementor-element elementor-element-2d29538\" data-id=\"2d29538\" data-element_type=\"column\" data-settings=\"{&quot;background_background&quot;:&quot;classic&quot;}\">\n\t\t\t<div class=\"elementor-widget-wrap elementor-element-populated\">\n\t\t\t\t\t\t<div class=\"elementor-element elementor-element-c4224bc elementor-widget elementor-widget-image\" data-id=\"c4224bc\" data-element_type=\"widget\" data-widget_type=\"image.default\">\n\t\t\t\t<div class=\"elementor-widget-container\">\n\t\t\t\t\t\t\t\t\t\t\t\t\t\t\t<img decoding=\"async\" width=\"2117\" height=\"3171\" src=\"https:\/\/etcgoncalves.fr\/wp-content\/uploads\/2023\/05\/Icons-circulable_Plan-de-travail-1-01.png\" class=\"attachment-full size-full wp-image-264\" alt=\"\" srcset=\"https:\/\/etcgoncalves.fr\/wp-content\/uploads\/2023\/05\/Icons-circulable_Plan-de-travail-1-01.png 2117w, https:\/\/etcgoncalves.fr\/wp-content\/uploads\/2023\/05\/Icons-circulable_Plan-de-travail-1-01-200x300.png 200w, https:\/\/etcgoncalves.fr\/wp-content\/uploads\/2023\/05\/Icons-circulable_Plan-de-travail-1-01-684x1024.png 684w, https:\/\/etcgoncalves.fr\/wp-content\/uploads\/2023\/05\/Icons-circulable_Plan-de-travail-1-01-768x1150.png 768w, https:\/\/etcgoncalves.fr\/wp-content\/uploads\/2023\/05\/Icons-circulable_Plan-de-travail-1-01-1025x1536.png 1025w, https:\/\/etcgoncalves.fr\/wp-content\/uploads\/2023\/05\/Icons-circulable_Plan-de-travail-1-01-1367x2048.png 1367w\" sizes=\"(max-width: 2117px) 100vw, 2117px\" \/>\t\t\t\t\t\t\t\t\t\t\t\t\t\t\t<\/div>\n\t\t\t\t<\/div>\n\t\t\t\t<div class=\"elementor-element elementor-element-96126c9 elementor-widget elementor-widget-heading\" data-id=\"96126c9\" data-element_type=\"widget\" data-widget_type=\"heading.default\">\n\t\t\t\t<div class=\"elementor-widget-container\">\n\t\t\t\t\t<h2 class=\"elementor-heading-title elementor-size-default\">Dalles bois<\/h2>\t\t\t\t<\/div>\n\t\t\t\t<\/div>\n\t\t\t\t<div class=\"elementor-element elementor-element-2f40552 elementor-pagination-position-inside elementor-arrows-position-inside elementor-widget elementor-widget-image-carousel\" data-id=\"2f40552\" data-element_type=\"widget\" data-settings=\"{&quot;slides_to_show&quot;:&quot;1&quot;,&quot;navigation&quot;:&quot;both&quot;,&quot;autoplay&quot;:&quot;yes&quot;,&quot;pause_on_hover&quot;:&quot;yes&quot;,&quot;pause_on_interaction&quot;:&quot;yes&quot;,&quot;autoplay_speed&quot;:5000,&quot;infinite&quot;:&quot;yes&quot;,&quot;effect&quot;:&quot;slide&quot;,&quot;speed&quot;:500}\" data-widget_type=\"image-carousel.default\">\n\t\t\t\t<div class=\"elementor-widget-container\">\n\t\t\t\t\t\t\t<div class=\"elementor-image-carousel-wrapper swiper\" role=\"region\" aria-roledescription=\"carousel\" aria-label=\"Carrousel d\u2019images\" dir=\"ltr\">\n\t\t\t<div class=\"elementor-image-carousel swiper-wrapper\" aria-live=\"off\">\n\t\t\t\t\t\t\t\t<div class=\"swiper-slide\" role=\"group\" aria-roledescription=\"slide\" aria-label=\"1 sur 2\"><figure class=\"swiper-slide-inner\"><img decoding=\"async\" class=\"swiper-slide-image\" src=\"https:\/\/etcgoncalves.fr\/wp-content\/uploads\/2023\/05\/dalles-bois-auvergne.jpg\" alt=\"dalles bois auvergne\" \/><\/figure><\/div><div class=\"swiper-slide\" role=\"group\" aria-roledescription=\"slide\" aria-label=\"2 sur 2\"><figure class=\"swiper-slide-inner\"><img decoding=\"async\" class=\"swiper-slide-image\" src=\"https:\/\/etcgoncalves.fr\/wp-content\/uploads\/2023\/05\/dalles-bois-auvergne2.jpg\" alt=\"dalles bois auvergne2\" \/><\/figure><\/div>\t\t\t<\/div>\n\t\t\t\t\t\t\t\t\t\t\t\t<div class=\"elementor-swiper-button elementor-swiper-button-prev\" role=\"button\" tabindex=\"0\">\n\t\t\t\t\t\t<i aria-hidden=\"true\" class=\"eicon-chevron-left\"><\/i>\t\t\t\t\t<\/div>\n\t\t\t\t\t<div class=\"elementor-swiper-button elementor-swiper-button-next\" role=\"button\" tabindex=\"0\">\n\t\t\t\t\t\t<i aria-hidden=\"true\" class=\"eicon-chevron-right\"><\/i>\t\t\t\t\t<\/div>\n\t\t\t\t\n\t\t\t\t\t\t\t\t\t<div class=\"swiper-pagination\"><\/div>\n\t\t\t\t\t\t\t\t\t<\/div>\n\t\t\t\t\t\t<\/div>\n\t\t\t\t<\/div>\n\t\t\t\t<div class=\"elementor-element elementor-element-f863f72 elementor-widget elementor-widget-text-editor\" data-id=\"f863f72\" data-element_type=\"widget\" data-widget_type=\"text-editor.default\">\n\t\t\t\t<div class=\"elementor-widget-container\">\n\t\t\t\t\t\t\t\t\t<p>Les dalles en bois pr\u00e9sentent des avantages similaires \u00e0 celles en c\u00e9ramique, notamment :<\/p><ul><li>facilit\u00e9 d&rsquo;\u00e9coulement de l&rsquo;eau gr\u00e2ce aux joints entre chaque morceau de bois de la dalle.\u00a0<\/li><li>possibilit\u00e9 de corriger les irr\u00e9gularit\u00e9s du support pour garantir une surface de terrasse toujours de niveau.<\/li><\/ul><p>Ce type de dalles en bois sont devenues populaires pour leur esth\u00e9tique chaleureuse et leur capacit\u00e9 \u00e0 v\u00e9g\u00e9taliser les espaces ext\u00e9rieurs.<\/p>\t\t\t\t\t\t\t\t<\/div>\n\t\t\t\t<\/div>\n\t\t\t\t\t<\/div>\n\t\t<\/div>\n\t\t\t\t<div class=\"elementor-column elementor-col-50 elementor-top-column elementor-element elementor-element-13ebb42\" data-id=\"13ebb42\" data-element_type=\"column\" data-settings=\"{&quot;background_background&quot;:&quot;classic&quot;}\">\n\t\t\t<div class=\"elementor-widget-wrap elementor-element-populated\">\n\t\t\t\t\t\t<div class=\"elementor-element elementor-element-ef8123b elementor-widget elementor-widget-image\" data-id=\"ef8123b\" data-element_type=\"widget\" data-widget_type=\"image.default\">\n\t\t\t\t<div class=\"elementor-widget-container\">\n\t\t\t\t\t\t\t\t\t\t\t\t\t\t\t<img decoding=\"async\" width=\"2117\" height=\"3171\" src=\"https:\/\/etcgoncalves.fr\/wp-content\/uploads\/2023\/05\/Icons-circulable_Plan-de-travail-1-02.png\" class=\"attachment-full size-full wp-image-265\" alt=\"\" srcset=\"https:\/\/etcgoncalves.fr\/wp-content\/uploads\/2023\/05\/Icons-circulable_Plan-de-travail-1-02.png 2117w, https:\/\/etcgoncalves.fr\/wp-content\/uploads\/2023\/05\/Icons-circulable_Plan-de-travail-1-02-200x300.png 200w, https:\/\/etcgoncalves.fr\/wp-content\/uploads\/2023\/05\/Icons-circulable_Plan-de-travail-1-02-684x1024.png 684w, https:\/\/etcgoncalves.fr\/wp-content\/uploads\/2023\/05\/Icons-circulable_Plan-de-travail-1-02-768x1150.png 768w, https:\/\/etcgoncalves.fr\/wp-content\/uploads\/2023\/05\/Icons-circulable_Plan-de-travail-1-02-1025x1536.png 1025w, https:\/\/etcgoncalves.fr\/wp-content\/uploads\/2023\/05\/Icons-circulable_Plan-de-travail-1-02-1367x2048.png 1367w\" sizes=\"(max-width: 2117px) 100vw, 2117px\" \/>\t\t\t\t\t\t\t\t\t\t\t\t\t\t\t<\/div>\n\t\t\t\t<\/div>\n\t\t\t\t<div class=\"elementor-element elementor-element-6e029d0 elementor-widget elementor-widget-heading\" data-id=\"6e029d0\" data-element_type=\"widget\" data-widget_type=\"heading.default\">\n\t\t\t\t<div class=\"elementor-widget-container\">\n\t\t\t\t\t<h2 class=\"elementor-heading-title elementor-size-default\">Terrasses gravillons<\/h2>\t\t\t\t<\/div>\n\t\t\t\t<\/div>\n\t\t\t\t<div class=\"elementor-element elementor-element-09dfe3c elementor-pagination-position-inside elementor-arrows-position-inside elementor-widget elementor-widget-image-carousel\" data-id=\"09dfe3c\" data-element_type=\"widget\" data-settings=\"{&quot;slides_to_show&quot;:&quot;1&quot;,&quot;navigation&quot;:&quot;both&quot;,&quot;autoplay&quot;:&quot;yes&quot;,&quot;pause_on_hover&quot;:&quot;yes&quot;,&quot;pause_on_interaction&quot;:&quot;yes&quot;,&quot;autoplay_speed&quot;:5000,&quot;infinite&quot;:&quot;yes&quot;,&quot;effect&quot;:&quot;slide&quot;,&quot;speed&quot;:500}\" data-widget_type=\"image-carousel.default\">\n\t\t\t\t<div class=\"elementor-widget-container\">\n\t\t\t\t\t\t\t<div class=\"elementor-image-carousel-wrapper swiper\" role=\"region\" aria-roledescription=\"carousel\" aria-label=\"Carrousel d\u2019images\" dir=\"ltr\">\n\t\t\t<div class=\"elementor-image-carousel swiper-wrapper\" aria-live=\"off\">\n\t\t\t\t\t\t\t\t<div class=\"swiper-slide\" role=\"group\" aria-roledescription=\"slide\" aria-label=\"1 sur 3\"><figure class=\"swiper-slide-inner\"><img decoding=\"async\" class=\"swiper-slide-image\" src=\"https:\/\/etcgoncalves.fr\/wp-content\/uploads\/2023\/05\/toit-terrasse-gravier-auvergne-etc-goncalves.jpg\" alt=\"toit terrasse gravier auvergne etc goncalves\" \/><\/figure><\/div><div class=\"swiper-slide\" role=\"group\" aria-roledescription=\"slide\" aria-label=\"2 sur 3\"><figure class=\"swiper-slide-inner\"><img decoding=\"async\" class=\"swiper-slide-image\" src=\"https:\/\/etcgoncalves.fr\/wp-content\/uploads\/2023\/05\/toit-terrasse-gravier-auvergne-etc-goncalves2.jpg\" alt=\"toit terrasse gravier auvergne etc goncalves2\" \/><\/figure><\/div><div class=\"swiper-slide\" role=\"group\" aria-roledescription=\"slide\" aria-label=\"3 sur 3\"><figure class=\"swiper-slide-inner\"><img decoding=\"async\" class=\"swiper-slide-image\" src=\"https:\/\/etcgoncalves.fr\/wp-content\/uploads\/2023\/05\/toit-terrasse-gravier-auvergne-etc-goncalves3.jpg\" alt=\"toit terrasse gravier auvergne etc goncalves3\" \/><\/figure><\/div>\t\t\t<\/div>\n\t\t\t\t\t\t\t\t\t\t\t\t<div class=\"elementor-swiper-button elementor-swiper-button-prev\" role=\"button\" tabindex=\"0\">\n\t\t\t\t\t\t<i aria-hidden=\"true\" class=\"eicon-chevron-left\"><\/i>\t\t\t\t\t<\/div>\n\t\t\t\t\t<div class=\"elementor-swiper-button elementor-swiper-button-next\" role=\"button\" tabindex=\"0\">\n\t\t\t\t\t\t<i aria-hidden=\"true\" class=\"eicon-chevron-right\"><\/i>\t\t\t\t\t<\/div>\n\t\t\t\t\n\t\t\t\t\t\t\t\t\t<div class=\"swiper-pagination\"><\/div>\n\t\t\t\t\t\t\t\t\t<\/div>\n\t\t\t\t\t\t<\/div>\n\t\t\t\t<\/div>\n\t\t\t\t<div class=\"elementor-element elementor-element-ca6e8b5 elementor-widget elementor-widget-text-editor\" data-id=\"ca6e8b5\" data-element_type=\"widget\" data-widget_type=\"text-editor.default\">\n\t\t\t\t<div class=\"elementor-widget-container\">\n\t\t\t\t\t\t\t\t\t<p>La toiture-terrasse gravillonn\u00e9e est la plus r\u00e9pandue en raison de ses nombreux avantages.<\/p><p>Cette solution non circulable permet \u00e0 l&rsquo;eau de s&rsquo;\u00e9couler naturellement vers les \u00e9vacuations pr\u00e9vues tout en favorisant l&rsquo;\u00e9vaporation de l&rsquo;eau. Ses autres caract\u00e9ristiques sont :\u00a0<\/p><ul><li>peu co\u00fbteuse en mati\u00e8re de protection de l&rsquo;\u00e9tanch\u00e9it\u00e9<\/li><li>n\u00e9cessite tout de m\u00eame un entretien annuel<\/li><li>ne se d\u00e9t\u00e9riore pas avec le temps, ce qui lui conf\u00e8re une dur\u00e9e de vie illimit\u00e9e<\/li><li>en cas d&rsquo;intervention sur l&rsquo;\u00e9tanch\u00e9it\u00e9, le gravier peut facilement \u00eatre d\u00e9plac\u00e9<\/li><\/ul>\t\t\t\t\t\t\t\t<\/div>\n\t\t\t\t<\/div>\n\t\t\t\t\t<\/div>\n\t\t<\/div>\n\t\t\t\t\t<\/div>\n\t\t<\/section>\n\t\t\t\t<section class=\"elementor-section elementor-top-section elementor-element elementor-element-b939d23 elementor-section-boxed elementor-section-height-default elementor-section-height-default\" data-id=\"b939d23\" data-element_type=\"section\">\n\t\t\t\t\t\t<div class=\"elementor-container elementor-column-gap-custom\">\n\t\t\t\t\t<div class=\"elementor-column elementor-col-50 elementor-top-column elementor-element elementor-element-eddc187\" data-id=\"eddc187\" data-element_type=\"column\" data-settings=\"{&quot;background_background&quot;:&quot;classic&quot;}\">\n\t\t\t<div class=\"elementor-widget-wrap elementor-element-populated\">\n\t\t\t\t\t\t<div class=\"elementor-element elementor-element-22f957f elementor-widget elementor-widget-image\" data-id=\"22f957f\" data-element_type=\"widget\" data-widget_type=\"image.default\">\n\t\t\t\t<div class=\"elementor-widget-container\">\n\t\t\t\t\t\t\t\t\t\t\t\t\t\t\t<img decoding=\"async\" width=\"2117\" height=\"3171\" src=\"https:\/\/etcgoncalves.fr\/wp-content\/uploads\/2023\/05\/Icons-circulable_Plan-de-travail-1-01.png\" class=\"attachment-full size-full wp-image-264\" alt=\"\" srcset=\"https:\/\/etcgoncalves.fr\/wp-content\/uploads\/2023\/05\/Icons-circulable_Plan-de-travail-1-01.png 2117w, https:\/\/etcgoncalves.fr\/wp-content\/uploads\/2023\/05\/Icons-circulable_Plan-de-travail-1-01-200x300.png 200w, https:\/\/etcgoncalves.fr\/wp-content\/uploads\/2023\/05\/Icons-circulable_Plan-de-travail-1-01-684x1024.png 684w, https:\/\/etcgoncalves.fr\/wp-content\/uploads\/2023\/05\/Icons-circulable_Plan-de-travail-1-01-768x1150.png 768w, https:\/\/etcgoncalves.fr\/wp-content\/uploads\/2023\/05\/Icons-circulable_Plan-de-travail-1-01-1025x1536.png 1025w, https:\/\/etcgoncalves.fr\/wp-content\/uploads\/2023\/05\/Icons-circulable_Plan-de-travail-1-01-1367x2048.png 1367w\" sizes=\"(max-width: 2117px) 100vw, 2117px\" \/>\t\t\t\t\t\t\t\t\t\t\t\t\t\t\t<\/div>\n\t\t\t\t<\/div>\n\t\t\t\t<div class=\"elementor-element elementor-element-5660c80 elementor-widget elementor-widget-heading\" data-id=\"5660c80\" data-element_type=\"widget\" data-widget_type=\"heading.default\">\n\t\t\t\t<div class=\"elementor-widget-container\">\n\t\t\t\t\t<h2 class=\"elementor-heading-title elementor-size-default\">Lames bois<\/h2>\t\t\t\t<\/div>\n\t\t\t\t<\/div>\n\t\t\t\t<div class=\"elementor-element elementor-element-d2d2dac elementor-pagination-position-inside elementor-arrows-position-inside elementor-widget elementor-widget-image-carousel\" data-id=\"d2d2dac\" data-element_type=\"widget\" data-settings=\"{&quot;slides_to_show&quot;:&quot;1&quot;,&quot;navigation&quot;:&quot;both&quot;,&quot;autoplay&quot;:&quot;yes&quot;,&quot;pause_on_hover&quot;:&quot;yes&quot;,&quot;pause_on_interaction&quot;:&quot;yes&quot;,&quot;autoplay_speed&quot;:5000,&quot;infinite&quot;:&quot;yes&quot;,&quot;effect&quot;:&quot;slide&quot;,&quot;speed&quot;:500}\" data-widget_type=\"image-carousel.default\">\n\t\t\t\t<div class=\"elementor-widget-container\">\n\t\t\t\t\t\t\t<div class=\"elementor-image-carousel-wrapper swiper\" role=\"region\" aria-roledescription=\"carousel\" aria-label=\"Carrousel d\u2019images\" dir=\"ltr\">\n\t\t\t<div class=\"elementor-image-carousel swiper-wrapper\" aria-live=\"off\">\n\t\t\t\t\t\t\t\t<div class=\"swiper-slide\" role=\"group\" aria-roledescription=\"slide\" aria-label=\"1 sur 3\"><figure class=\"swiper-slide-inner\"><img decoding=\"async\" class=\"swiper-slide-image\" src=\"https:\/\/etcgoncalves.fr\/wp-content\/uploads\/2023\/05\/terrasse-lames-bois-auvergne-etc-goncalves.jpg\" alt=\"terrasse lames bois auvergne etc goncalves\" \/><\/figure><\/div><div class=\"swiper-slide\" role=\"group\" aria-roledescription=\"slide\" aria-label=\"2 sur 3\"><figure class=\"swiper-slide-inner\"><img decoding=\"async\" class=\"swiper-slide-image\" src=\"https:\/\/etcgoncalves.fr\/wp-content\/uploads\/2023\/05\/terrasse-lames-bois-auvergne-etc-goncalves2.jpg\" alt=\"terrasse lames bois auvergne etc goncalves2\" \/><\/figure><\/div><div class=\"swiper-slide\" role=\"group\" aria-roledescription=\"slide\" aria-label=\"3 sur 3\"><figure class=\"swiper-slide-inner\"><img decoding=\"async\" class=\"swiper-slide-image\" src=\"https:\/\/etcgoncalves.fr\/wp-content\/uploads\/2023\/05\/terrasse-lames-bois-auvergne-etc-goncalves3.jpg\" alt=\"terrasse lames bois auvergne etc goncalves3\" \/><\/figure><\/div>\t\t\t<\/div>\n\t\t\t\t\t\t\t\t\t\t\t\t<div class=\"elementor-swiper-button elementor-swiper-button-prev\" role=\"button\" tabindex=\"0\">\n\t\t\t\t\t\t<i aria-hidden=\"true\" class=\"eicon-chevron-left\"><\/i>\t\t\t\t\t<\/div>\n\t\t\t\t\t<div class=\"elementor-swiper-button elementor-swiper-button-next\" role=\"button\" tabindex=\"0\">\n\t\t\t\t\t\t<i aria-hidden=\"true\" class=\"eicon-chevron-right\"><\/i>\t\t\t\t\t<\/div>\n\t\t\t\t\n\t\t\t\t\t\t\t\t\t<div class=\"swiper-pagination\"><\/div>\n\t\t\t\t\t\t\t\t\t<\/div>\n\t\t\t\t\t\t<\/div>\n\t\t\t\t<\/div>\n\t\t\t\t<div class=\"elementor-element elementor-element-2885975 elementor-widget elementor-widget-text-editor\" data-id=\"2885975\" data-element_type=\"widget\" data-widget_type=\"text-editor.default\">\n\t\t\t\t<div class=\"elementor-widget-container\">\n\t\t\t\t\t\t\t\t\t<p>Les lames en bois sont un choix populaire pour les terrasses qui doivent \u00eatre circulables.<\/p><p>Comme les dalles en bois, elles sont pos\u00e9es sur des plots r\u00e9glables et des lambourdes, ce qui permet de corriger les irr\u00e9gularit\u00e9s du support et les pentes.<\/p><p>Les lames offrent des avantages similaires \u00e0 ceux des dalles en c\u00e9ramique, tels qu&rsquo;un \u00e9coulement optimal de l&rsquo;eau gr\u00e2ce aux joints r\u00e9glables de 1 \u00e0 8 mm entre chaque lame.<\/p><p>Il existe trois grandes familles de bois adapt\u00e9es \u00e0 une utilisation en plancher de terrasse :<\/p><ul><li>le pin trait\u00e9<\/li><li>le pin Douglas<\/li><li>le m\u00e9l\u00e8ze<\/li><\/ul><p>Trois r\u00e9sineux provenant de France ou d&rsquo;Europe, ainsi que le red cedar, originaire d&rsquo;Am\u00e9rique du Nord.<\/p>\t\t\t\t\t\t\t\t<\/div>\n\t\t\t\t<\/div>\n\t\t\t\t\t<\/div>\n\t\t<\/div>\n\t\t\t\t<div class=\"elementor-column elementor-col-50 elementor-top-column elementor-element elementor-element-de0c024\" data-id=\"de0c024\" data-element_type=\"column\" data-settings=\"{&quot;background_background&quot;:&quot;classic&quot;}\">\n\t\t\t<div class=\"elementor-widget-wrap elementor-element-populated\">\n\t\t\t\t\t\t<div class=\"elementor-element elementor-element-12bdf64 elementor-widget elementor-widget-image\" data-id=\"12bdf64\" data-element_type=\"widget\" data-widget_type=\"image.default\">\n\t\t\t\t<div class=\"elementor-widget-container\">\n\t\t\t\t\t\t\t\t\t\t\t\t\t\t\t<img decoding=\"async\" width=\"2117\" height=\"3171\" src=\"https:\/\/etcgoncalves.fr\/wp-content\/uploads\/2023\/05\/Icons-circulable_Plan-de-travail-1-02.png\" class=\"attachment-full size-full wp-image-265\" alt=\"\" srcset=\"https:\/\/etcgoncalves.fr\/wp-content\/uploads\/2023\/05\/Icons-circulable_Plan-de-travail-1-02.png 2117w, https:\/\/etcgoncalves.fr\/wp-content\/uploads\/2023\/05\/Icons-circulable_Plan-de-travail-1-02-200x300.png 200w, https:\/\/etcgoncalves.fr\/wp-content\/uploads\/2023\/05\/Icons-circulable_Plan-de-travail-1-02-684x1024.png 684w, https:\/\/etcgoncalves.fr\/wp-content\/uploads\/2023\/05\/Icons-circulable_Plan-de-travail-1-02-768x1150.png 768w, https:\/\/etcgoncalves.fr\/wp-content\/uploads\/2023\/05\/Icons-circulable_Plan-de-travail-1-02-1025x1536.png 1025w, https:\/\/etcgoncalves.fr\/wp-content\/uploads\/2023\/05\/Icons-circulable_Plan-de-travail-1-02-1367x2048.png 1367w\" sizes=\"(max-width: 2117px) 100vw, 2117px\" \/>\t\t\t\t\t\t\t\t\t\t\t\t\t\t\t<\/div>\n\t\t\t\t<\/div>\n\t\t\t\t<div class=\"elementor-element elementor-element-16b183c elementor-widget elementor-widget-heading\" data-id=\"16b183c\" data-element_type=\"widget\" data-widget_type=\"heading.default\">\n\t\t\t\t<div class=\"elementor-widget-container\">\n\t\t\t\t\t<h2 class=\"elementor-heading-title elementor-size-default\">Terrasses autoprot\u00e9g\u00e9es <\/h2>\t\t\t\t<\/div>\n\t\t\t\t<\/div>\n\t\t\t\t<div class=\"elementor-element elementor-element-b42a80f elementor-pagination-position-inside elementor-arrows-position-inside elementor-widget elementor-widget-image-carousel\" data-id=\"b42a80f\" data-element_type=\"widget\" data-settings=\"{&quot;slides_to_show&quot;:&quot;1&quot;,&quot;navigation&quot;:&quot;both&quot;,&quot;autoplay&quot;:&quot;yes&quot;,&quot;pause_on_hover&quot;:&quot;yes&quot;,&quot;pause_on_interaction&quot;:&quot;yes&quot;,&quot;autoplay_speed&quot;:5000,&quot;infinite&quot;:&quot;yes&quot;,&quot;effect&quot;:&quot;slide&quot;,&quot;speed&quot;:500}\" data-widget_type=\"image-carousel.default\">\n\t\t\t\t<div class=\"elementor-widget-container\">\n\t\t\t\t\t\t\t<div class=\"elementor-image-carousel-wrapper swiper\" role=\"region\" aria-roledescription=\"carousel\" aria-label=\"Carrousel d\u2019images\" dir=\"ltr\">\n\t\t\t<div class=\"elementor-image-carousel swiper-wrapper\" aria-live=\"off\">\n\t\t\t\t\t\t\t\t<div class=\"swiper-slide\" role=\"group\" aria-roledescription=\"slide\" aria-label=\"1 sur 4\"><figure class=\"swiper-slide-inner\"><img decoding=\"async\" class=\"swiper-slide-image\" src=\"https:\/\/etcgoncalves.fr\/wp-content\/uploads\/2023\/07\/terrasse-autoprotegee-auvergne-clermont-ferrand.jpg\" alt=\"terrasse autoprote\u0301ge\u0301e auvergne clermont ferrand\" \/><\/figure><\/div><div class=\"swiper-slide\" role=\"group\" aria-roledescription=\"slide\" aria-label=\"2 sur 4\"><figure class=\"swiper-slide-inner\"><img decoding=\"async\" class=\"swiper-slide-image\" src=\"https:\/\/etcgoncalves.fr\/wp-content\/uploads\/2023\/07\/terrasse-autoprotegee-auvergne-clermont-ferrand2.jpg\" alt=\"terrasse autoprote\u0301ge\u0301e auvergne clermont ferrand2\" \/><\/figure><\/div><div class=\"swiper-slide\" role=\"group\" aria-roledescription=\"slide\" aria-label=\"3 sur 4\"><figure class=\"swiper-slide-inner\"><img decoding=\"async\" class=\"swiper-slide-image\" src=\"https:\/\/etcgoncalves.fr\/wp-content\/uploads\/2023\/07\/terrasse-autoprotegee-auvergne-clermont-ferrand3.jpg\" alt=\"terrasse autoprote\u0301ge\u0301e auvergne clermont ferrand3\" \/><\/figure><\/div><div class=\"swiper-slide\" role=\"group\" aria-roledescription=\"slide\" aria-label=\"4 sur 4\"><figure class=\"swiper-slide-inner\"><img decoding=\"async\" class=\"swiper-slide-image\" src=\"https:\/\/etcgoncalves.fr\/wp-content\/uploads\/2023\/07\/terrasse-autoprotegee-auvergne-clermont-ferrand4.jpg\" alt=\"terrasse autoprote\u0301ge\u0301e auvergne clermont ferrand4\" \/><\/figure><\/div>\t\t\t<\/div>\n\t\t\t\t\t\t\t\t\t\t\t\t<div class=\"elementor-swiper-button elementor-swiper-button-prev\" role=\"button\" tabindex=\"0\">\n\t\t\t\t\t\t<i aria-hidden=\"true\" class=\"eicon-chevron-left\"><\/i>\t\t\t\t\t<\/div>\n\t\t\t\t\t<div class=\"elementor-swiper-button elementor-swiper-button-next\" role=\"button\" tabindex=\"0\">\n\t\t\t\t\t\t<i aria-hidden=\"true\" class=\"eicon-chevron-right\"><\/i>\t\t\t\t\t<\/div>\n\t\t\t\t\n\t\t\t\t\t\t\t\t\t<div class=\"swiper-pagination\"><\/div>\n\t\t\t\t\t\t\t\t\t<\/div>\n\t\t\t\t\t\t<\/div>\n\t\t\t\t<\/div>\n\t\t\t\t<div class=\"elementor-element elementor-element-906bd69 elementor-widget elementor-widget-text-editor\" data-id=\"906bd69\" data-element_type=\"widget\" data-widget_type=\"text-editor.default\">\n\t\t\t\t<div class=\"elementor-widget-container\">\n\t\t\t\t\t\t\t\t\t<p>La technique de la terrasse auto-prot\u00e9g\u00e9e est applicable dans toutes les situations. Il suffit d&rsquo;appliquer la derni\u00e8re couche d&rsquo;\u00e9tanch\u00e9it\u00e9 avec une protection int\u00e9gr\u00e9e, telle qu&rsquo;une feuille d&rsquo;aluminium ou des granulats de paillettes de diff\u00e9rentes couleurs comme le rouge, le gris ou le noir.<\/p><p>Cette m\u00e9thode pr\u00e9sente l&rsquo;avantage de ne pas n\u00e9cessiter de protection suppl\u00e9mentaire telle qu&rsquo;une protection v\u00e9g\u00e9tale ou gravillon.<\/p><p>Dans la plupart des cas, cette solution est choisie pour all\u00e9ger la toiture. Cependant, elle n\u00e9cessite un entretien annuel car il n&rsquo;y a pas d&rsquo;obstacles pour emp\u00eacher les v\u00e9g\u00e9taux de boucher les \u00e9vacuations d&rsquo;eau pluviale.<\/p><p>Il est toutefois possible de poser une couche de gravillon par la suite, si la structure du b\u00e2timent le permet.<\/p>\t\t\t\t\t\t\t\t<\/div>\n\t\t\t\t<\/div>\n\t\t\t\t\t<\/div>\n\t\t<\/div>\n\t\t\t\t\t<\/div>\n\t\t<\/section>\n\t\t\t\t<section class=\"elementor-section elementor-top-section elementor-element elementor-element-5298e059 elementor-section-stretched elementor-section-boxed elementor-section-height-default elementor-section-height-default\" data-id=\"5298e059\" data-element_type=\"section\" data-settings=\"{&quot;background_background&quot;:&quot;classic&quot;,&quot;stretch_section&quot;:&quot;section-stretched&quot;}\">\n\t\t\t\t\t\t<div class=\"elementor-container elementor-column-gap-default\">\n\t\t\t\t\t<div class=\"elementor-column elementor-col-50 elementor-top-column elementor-element elementor-element-38abd724\" data-id=\"38abd724\" data-element_type=\"column\" data-settings=\"{&quot;background_background&quot;:&quot;classic&quot;}\">\n\t\t\t<div class=\"elementor-widget-wrap elementor-element-populated\">\n\t\t\t\t\t\t<div class=\"elementor-element elementor-element-1bcf7f1c elementor-widget elementor-widget-image\" data-id=\"1bcf7f1c\" data-element_type=\"widget\" data-widget_type=\"image.default\">\n\t\t\t\t<div class=\"elementor-widget-container\">\n\t\t\t\t\t\t\t\t\t\t\t\t\t\t\t<img loading=\"lazy\" decoding=\"async\" width=\"1024\" height=\"1024\" src=\"https:\/\/etcgoncalves.fr\/wp-content\/uploads\/2023\/05\/Icons-devis-gratuit-bleu-03-1024x1024.png\" class=\"attachment-large size-large wp-image-270\" alt=\"\" srcset=\"https:\/\/etcgoncalves.fr\/wp-content\/uploads\/2023\/05\/Icons-devis-gratuit-bleu-03-1024x1024.png 1024w, https:\/\/etcgoncalves.fr\/wp-content\/uploads\/2023\/05\/Icons-devis-gratuit-bleu-03-300x300.png 300w, https:\/\/etcgoncalves.fr\/wp-content\/uploads\/2023\/05\/Icons-devis-gratuit-bleu-03-150x150.png 150w, https:\/\/etcgoncalves.fr\/wp-content\/uploads\/2023\/05\/Icons-devis-gratuit-bleu-03-768x768.png 768w, https:\/\/etcgoncalves.fr\/wp-content\/uploads\/2023\/05\/Icons-devis-gratuit-bleu-03-1536x1536.png 1536w, https:\/\/etcgoncalves.fr\/wp-content\/uploads\/2023\/05\/Icons-devis-gratuit-bleu-03.png 1875w\" sizes=\"(max-width: 1024px) 100vw, 1024px\" \/>\t\t\t\t\t\t\t\t\t\t\t\t\t\t\t<\/div>\n\t\t\t\t<\/div>\n\t\t\t\t\t<\/div>\n\t\t<\/div>\n\t\t\t\t<div class=\"elementor-column elementor-col-50 elementor-top-column elementor-element elementor-element-4d6e34be\" data-id=\"4d6e34be\" data-element_type=\"column\">\n\t\t\t<div class=\"elementor-widget-wrap elementor-element-populated\">\n\t\t\t\t\t\t<div class=\"elementor-element elementor-element-2af850fb elementor-widget elementor-widget-text-editor\" data-id=\"2af850fb\" data-element_type=\"widget\" data-widget_type=\"text-editor.default\">\n\t\t\t\t<div class=\"elementor-widget-container\">\n\t\t\t\t\t\t\t\t\t<p>Particulier ou professionnel, nous sommes \u00e0 votre disposition pour vous conseiller et vous accompagner tout au long de votre projet. <strong>N&rsquo;attendez plus pour nous contacter et demander votre devis gratuit !<\/strong> Nous sommes disponibles pour r\u00e9pondre \u00e0 toutes vos questions.<\/p>\t\t\t\t\t\t\t\t<\/div>\n\t\t\t\t<\/div>\n\t\t\t\t<div class=\"elementor-element elementor-element-5e763a2 elementor-align-left elementor-mobile-align-center elementor-widget elementor-widget-button\" data-id=\"5e763a2\" data-element_type=\"widget\" data-widget_type=\"button.default\">\n\t\t\t\t<div class=\"elementor-widget-container\">\n\t\t\t\t\t\t\t\t\t<div class=\"elementor-button-wrapper\">\n\t\t\t\t\t<a class=\"elementor-button elementor-button-link elementor-size-sm\" href=\"http:\/\/etcgoncalves.fr\/index.php\/contact\/\">\n\t\t\t\t\t\t<span class=\"elementor-button-content-wrapper\">\n\t\t\t\t\t\t\t\t\t<span class=\"elementor-button-text\">Demander un devis<\/span>\n\t\t\t\t\t<\/span>\n\t\t\t\t\t<\/a>\n\t\t\t\t<\/div>\n\t\t\t\t\t\t\t\t<\/div>\n\t\t\t\t<\/div>\n\t\t\t\t\t<\/div>\n\t\t<\/div>\n\t\t\t\t\t<\/div>\n\t\t<\/section>\n\t\t\t\t<\/div>\n\t\t","protected":false},"excerpt":{"rendered":"<p>Pourquoi \u00e9tancher votre balcon ou toit terrasse ? Il est essentiel de faire appel \u00e0 un \u00e9tancheur pour un balcon ou un toit terrasse afin d&rsquo;emp\u00eacher les infiltrations d&rsquo;eau qui peuvent causer des dommages structurels importants, ETC est disponible \u00e0 Clermont-Ferrand, dans le Puy-de-d\u00f4me (63) et l&rsquo;Auvergne. Les balcons et toits-terrasses sont toujours expos\u00e9s aux [&hellip;]<\/p>\n","protected":false},"author":1,"featured_media":226,"parent":0,"menu_order":0,"comment_status":"closed","ping_status":"closed","template":"","meta":{"_monsterinsights_skip_tracking":false,"_monsterinsights_sitenote_active":false,"_monsterinsights_sitenote_note":"","_monsterinsights_sitenote_category":0,"site-sidebar-layout":"default","site-content-layout":"","ast-site-content-layout":"default","site-content-style":"default","site-sidebar-style":"default","ast-global-header-display":"","ast-banner-title-visibility":"","ast-main-header-display":"","ast-hfb-above-header-display":"","ast-hfb-below-header-display":"","ast-hfb-mobile-header-display":"","site-post-title":"disabled","ast-breadcrumbs-content":"","ast-featured-img":"disabled","footer-sml-layout":"","theme-transparent-header-meta":"","adv-header-id-meta":"","stick-header-meta":"","header-above-stick-meta":"","header-main-stick-meta":"","header-below-stick-meta":"","astra-migrate-meta-layouts":"default","ast-page-background-enabled":"default","ast-page-background-meta":{"desktop":{"background-color":"var(--ast-global-color-4)","background-image":"","background-repeat":"repeat","background-position":"center center","background-size":"auto","background-attachment":"scroll","background-type":"","background-media":"","overlay-type":"","overlay-color":"","overlay-opacity":"","overlay-gradient":""},"tablet":{"background-color":"","background-image":"","background-repeat":"repeat","background-position":"center center","background-size":"auto","background-attachment":"scroll","background-type":"","background-media":"","overlay-type":"","overlay-color":"","overlay-opacity":"","overlay-gradient":""},"mobile":{"background-color":"","background-image":"","background-repeat":"repeat","background-position":"center center","background-size":"auto","background-attachment":"scroll","background-type":"","background-media":"","overlay-type":"","overlay-color":"","overlay-opacity":"","overlay-gradient":""}},"ast-content-background-meta":{"desktop":{"background-color":"var(--ast-global-color-5)","background-image":"","background-repeat":"repeat","background-position":"center center","background-size":"auto","background-attachment":"scroll","background-type":"","background-media":"","overlay-type":"","overlay-color":"","overlay-opacity":"","overlay-gradient":""},"tablet":{"background-color":"var(--ast-global-color-5)","background-image":"","background-repeat":"repeat","background-position":"center center","background-size":"auto","background-attachment":"scroll","background-type":"","background-media":"","overlay-type":"","overlay-color":"","overlay-opacity":"","overlay-gradient":""},"mobile":{"background-color":"var(--ast-global-color-5)","background-image":"","background-repeat":"repeat","background-position":"center center","background-size":"auto","background-attachment":"scroll","background-type":"","background-media":"","overlay-type":"","overlay-color":"","overlay-opacity":"","overlay-gradient":""}},"footnotes":""},"class_list":["post-34","page","type-page","status-publish","has-post-thumbnail","hentry"],"yoast_head":"<!-- This site is optimized with the Yoast SEO plugin v26.3 - https:\/\/yoast.com\/wordpress\/plugins\/seo\/ -->\n<title>\u00c9tancheur balcon \/ toit terrasse \u00e0 Clermont-Ferrand 63<\/title>\n<meta name=\"description\" content=\"Faites appel \u00e0 un \u00e9tancheur pour votre balcon ou toit terrasse \u00e0 Clermont-Ferrand, dans le Puy-de-d\u00f4me (63) et l&#039;Auvergne.\" \/>\n<meta name=\"robots\" content=\"index, follow, max-snippet:-1, max-image-preview:large, max-video-preview:-1\" \/>\n<link rel=\"canonical\" href=\"https:\/\/etcgoncalves.fr\/index.php\/balcon-toit-terrasse\/\" \/>\n<meta property=\"og:locale\" content=\"fr_FR\" \/>\n<meta property=\"og:type\" content=\"article\" \/>\n<meta property=\"og:title\" content=\"\u00c9tancheur balcon \/ toit terrasse \u00e0 Clermont-Ferrand 63\" \/>\n<meta property=\"og:description\" content=\"Faites appel \u00e0 un \u00e9tancheur pour votre balcon ou toit terrasse \u00e0 Clermont-Ferrand, dans le Puy-de-d\u00f4me (63) et l&#039;Auvergne.\" \/>\n<meta property=\"og:url\" content=\"https:\/\/etcgoncalves.fr\/index.php\/balcon-toit-terrasse\/\" \/>\n<meta property=\"og:site_name\" content=\"ETC Goncalves\" \/>\n<meta property=\"article:publisher\" content=\"https:\/\/www.facebook.com\/etcgoncalves\/\" \/>\n<meta property=\"article:modified_time\" content=\"2023-08-07T11:23:23+00:00\" \/>\n<meta property=\"og:image\" content=\"https:\/\/etcgoncalves.fr\/wp-content\/uploads\/2023\/05\/dalles-sur-plots2.jpg\" \/>\n\t<meta property=\"og:image:width\" content=\"1000\" \/>\n\t<meta property=\"og:image:height\" content=\"500\" \/>\n\t<meta property=\"og:image:type\" content=\"image\/jpeg\" \/>\n<meta name=\"twitter:card\" content=\"summary_large_image\" \/>\n<meta name=\"twitter:label1\" content=\"Dur\u00e9e de lecture estim\u00e9e\" \/>\n\t<meta name=\"twitter:data1\" content=\"14 minutes\" \/>\n<script type=\"application\/ld+json\" class=\"yoast-schema-graph\">{\"@context\":\"https:\/\/schema.org\",\"@graph\":[{\"@type\":\"WebPage\",\"@id\":\"https:\/\/etcgoncalves.fr\/index.php\/balcon-toit-terrasse\/\",\"url\":\"https:\/\/etcgoncalves.fr\/index.php\/balcon-toit-terrasse\/\",\"name\":\"\u00c9tancheur balcon \/ toit terrasse \u00e0 Clermont-Ferrand 63\",\"isPartOf\":{\"@id\":\"https:\/\/etcgoncalves.fr\/#website\"},\"primaryImageOfPage\":{\"@id\":\"https:\/\/etcgoncalves.fr\/index.php\/balcon-toit-terrasse\/#primaryimage\"},\"image\":{\"@id\":\"https:\/\/etcgoncalves.fr\/index.php\/balcon-toit-terrasse\/#primaryimage\"},\"thumbnailUrl\":\"https:\/\/etcgoncalves.fr\/wp-content\/uploads\/2023\/05\/dalles-sur-plots2.jpg\",\"datePublished\":\"2023-04-26T11:33:14+00:00\",\"dateModified\":\"2023-08-07T11:23:23+00:00\",\"description\":\"Faites appel \u00e0 un \u00e9tancheur pour votre balcon ou toit terrasse \u00e0 Clermont-Ferrand, dans le Puy-de-d\u00f4me (63) et l'Auvergne.\",\"breadcrumb\":{\"@id\":\"https:\/\/etcgoncalves.fr\/index.php\/balcon-toit-terrasse\/#breadcrumb\"},\"inLanguage\":\"fr-FR\",\"potentialAction\":[{\"@type\":\"ReadAction\",\"target\":[\"https:\/\/etcgoncalves.fr\/index.php\/balcon-toit-terrasse\/\"]}]},{\"@type\":\"ImageObject\",\"inLanguage\":\"fr-FR\",\"@id\":\"https:\/\/etcgoncalves.fr\/index.php\/balcon-toit-terrasse\/#primaryimage\",\"url\":\"https:\/\/etcgoncalves.fr\/wp-content\/uploads\/2023\/05\/dalles-sur-plots2.jpg\",\"contentUrl\":\"https:\/\/etcgoncalves.fr\/wp-content\/uploads\/2023\/05\/dalles-sur-plots2.jpg\",\"width\":1000,\"height\":500},{\"@type\":\"BreadcrumbList\",\"@id\":\"https:\/\/etcgoncalves.fr\/index.php\/balcon-toit-terrasse\/#breadcrumb\",\"itemListElement\":[{\"@type\":\"ListItem\",\"position\":1,\"name\":\"Accueil\",\"item\":\"https:\/\/etcgoncalves.fr\/\"},{\"@type\":\"ListItem\",\"position\":2,\"name\":\"Balcon\/Toit Terrasse\"}]},{\"@type\":\"WebSite\",\"@id\":\"https:\/\/etcgoncalves.fr\/#website\",\"url\":\"https:\/\/etcgoncalves.fr\/\",\"name\":\"etcgoncalves.fr\",\"description\":\"\",\"publisher\":{\"@id\":\"https:\/\/etcgoncalves.fr\/#organization\"},\"potentialAction\":[{\"@type\":\"SearchAction\",\"target\":{\"@type\":\"EntryPoint\",\"urlTemplate\":\"https:\/\/etcgoncalves.fr\/?s={search_term_string}\"},\"query-input\":{\"@type\":\"PropertyValueSpecification\",\"valueRequired\":true,\"valueName\":\"search_term_string\"}}],\"inLanguage\":\"fr-FR\"},{\"@type\":\"Organization\",\"@id\":\"https:\/\/etcgoncalves.fr\/#organization\",\"name\":\"ETC Goncalves\",\"url\":\"https:\/\/etcgoncalves.fr\/\",\"logo\":{\"@type\":\"ImageObject\",\"inLanguage\":\"fr-FR\",\"@id\":\"https:\/\/etcgoncalves.fr\/#\/schema\/logo\/image\/\",\"url\":\"https:\/\/etcgoncalves.fr\/wp-content\/uploads\/2023\/04\/cropped-cropped-ETC-Goncalves-Logo-WEB-LIGHT-02.png\",\"contentUrl\":\"https:\/\/etcgoncalves.fr\/wp-content\/uploads\/2023\/04\/cropped-cropped-ETC-Goncalves-Logo-WEB-LIGHT-02.png\",\"width\":746,\"height\":181,\"caption\":\"ETC Goncalves\"},\"image\":{\"@id\":\"https:\/\/etcgoncalves.fr\/#\/schema\/logo\/image\/\"},\"sameAs\":[\"https:\/\/www.facebook.com\/etcgoncalves\/\",\"https:\/\/www.instagram.com\/etcgoncalves\/\",\"https:\/\/www.linkedin.com\/in\/thibault-goncalves-0b436a148\/\"]}]}<\/script>\n<!-- \/ Yoast SEO plugin. -->","yoast_head_json":{"title":"\u00c9tancheur balcon \/ toit terrasse \u00e0 Clermont-Ferrand 63","description":"Faites appel \u00e0 un \u00e9tancheur pour votre balcon ou toit terrasse \u00e0 Clermont-Ferrand, dans le Puy-de-d\u00f4me (63) et l'Auvergne.","robots":{"index":"index","follow":"follow","max-snippet":"max-snippet:-1","max-image-preview":"max-image-preview:large","max-video-preview":"max-video-preview:-1"},"canonical":"https:\/\/etcgoncalves.fr\/index.php\/balcon-toit-terrasse\/","og_locale":"fr_FR","og_type":"article","og_title":"\u00c9tancheur balcon \/ toit terrasse \u00e0 Clermont-Ferrand 63","og_description":"Faites appel \u00e0 un \u00e9tancheur pour votre balcon ou toit terrasse \u00e0 Clermont-Ferrand, dans le Puy-de-d\u00f4me (63) et l'Auvergne.","og_url":"https:\/\/etcgoncalves.fr\/index.php\/balcon-toit-terrasse\/","og_site_name":"ETC Goncalves","article_publisher":"https:\/\/www.facebook.com\/etcgoncalves\/","article_modified_time":"2023-08-07T11:23:23+00:00","og_image":[{"width":1000,"height":500,"url":"https:\/\/etcgoncalves.fr\/wp-content\/uploads\/2023\/05\/dalles-sur-plots2.jpg","type":"image\/jpeg"}],"twitter_card":"summary_large_image","twitter_misc":{"Dur\u00e9e de lecture estim\u00e9e":"14 minutes"},"schema":{"@context":"https:\/\/schema.org","@graph":[{"@type":"WebPage","@id":"https:\/\/etcgoncalves.fr\/index.php\/balcon-toit-terrasse\/","url":"https:\/\/etcgoncalves.fr\/index.php\/balcon-toit-terrasse\/","name":"\u00c9tancheur balcon \/ toit terrasse \u00e0 Clermont-Ferrand 63","isPartOf":{"@id":"https:\/\/etcgoncalves.fr\/#website"},"primaryImageOfPage":{"@id":"https:\/\/etcgoncalves.fr\/index.php\/balcon-toit-terrasse\/#primaryimage"},"image":{"@id":"https:\/\/etcgoncalves.fr\/index.php\/balcon-toit-terrasse\/#primaryimage"},"thumbnailUrl":"https:\/\/etcgoncalves.fr\/wp-content\/uploads\/2023\/05\/dalles-sur-plots2.jpg","datePublished":"2023-04-26T11:33:14+00:00","dateModified":"2023-08-07T11:23:23+00:00","description":"Faites appel \u00e0 un \u00e9tancheur pour votre balcon ou toit terrasse \u00e0 Clermont-Ferrand, dans le Puy-de-d\u00f4me (63) et l'Auvergne.","breadcrumb":{"@id":"https:\/\/etcgoncalves.fr\/index.php\/balcon-toit-terrasse\/#breadcrumb"},"inLanguage":"fr-FR","potentialAction":[{"@type":"ReadAction","target":["https:\/\/etcgoncalves.fr\/index.php\/balcon-toit-terrasse\/"]}]},{"@type":"ImageObject","inLanguage":"fr-FR","@id":"https:\/\/etcgoncalves.fr\/index.php\/balcon-toit-terrasse\/#primaryimage","url":"https:\/\/etcgoncalves.fr\/wp-content\/uploads\/2023\/05\/dalles-sur-plots2.jpg","contentUrl":"https:\/\/etcgoncalves.fr\/wp-content\/uploads\/2023\/05\/dalles-sur-plots2.jpg","width":1000,"height":500},{"@type":"BreadcrumbList","@id":"https:\/\/etcgoncalves.fr\/index.php\/balcon-toit-terrasse\/#breadcrumb","itemListElement":[{"@type":"ListItem","position":1,"name":"Accueil","item":"https:\/\/etcgoncalves.fr\/"},{"@type":"ListItem","position":2,"name":"Balcon\/Toit Terrasse"}]},{"@type":"WebSite","@id":"https:\/\/etcgoncalves.fr\/#website","url":"https:\/\/etcgoncalves.fr\/","name":"etcgoncalves.fr","description":"","publisher":{"@id":"https:\/\/etcgoncalves.fr\/#organization"},"potentialAction":[{"@type":"SearchAction","target":{"@type":"EntryPoint","urlTemplate":"https:\/\/etcgoncalves.fr\/?s={search_term_string}"},"query-input":{"@type":"PropertyValueSpecification","valueRequired":true,"valueName":"search_term_string"}}],"inLanguage":"fr-FR"},{"@type":"Organization","@id":"https:\/\/etcgoncalves.fr\/#organization","name":"ETC Goncalves","url":"https:\/\/etcgoncalves.fr\/","logo":{"@type":"ImageObject","inLanguage":"fr-FR","@id":"https:\/\/etcgoncalves.fr\/#\/schema\/logo\/image\/","url":"https:\/\/etcgoncalves.fr\/wp-content\/uploads\/2023\/04\/cropped-cropped-ETC-Goncalves-Logo-WEB-LIGHT-02.png","contentUrl":"https:\/\/etcgoncalves.fr\/wp-content\/uploads\/2023\/04\/cropped-cropped-ETC-Goncalves-Logo-WEB-LIGHT-02.png","width":746,"height":181,"caption":"ETC Goncalves"},"image":{"@id":"https:\/\/etcgoncalves.fr\/#\/schema\/logo\/image\/"},"sameAs":["https:\/\/www.facebook.com\/etcgoncalves\/","https:\/\/www.instagram.com\/etcgoncalves\/","https:\/\/www.linkedin.com\/in\/thibault-goncalves-0b436a148\/"]}]}},"_links":{"self":[{"href":"https:\/\/etcgoncalves.fr\/index.php\/wp-json\/wp\/v2\/pages\/34","targetHints":{"allow":["GET"]}}],"collection":[{"href":"https:\/\/etcgoncalves.fr\/index.php\/wp-json\/wp\/v2\/pages"}],"about":[{"href":"https:\/\/etcgoncalves.fr\/index.php\/wp-json\/wp\/v2\/types\/page"}],"author":[{"embeddable":true,"href":"https:\/\/etcgoncalves.fr\/index.php\/wp-json\/wp\/v2\/users\/1"}],"replies":[{"embeddable":true,"href":"https:\/\/etcgoncalves.fr\/index.php\/wp-json\/wp\/v2\/comments?post=34"}],"version-history":[{"count":91,"href":"https:\/\/etcgoncalves.fr\/index.php\/wp-json\/wp\/v2\/pages\/34\/revisions"}],"predecessor-version":[{"id":792,"href":"https:\/\/etcgoncalves.fr\/index.php\/wp-json\/wp\/v2\/pages\/34\/revisions\/792"}],"wp:featuredmedia":[{"embeddable":true,"href":"https:\/\/etcgoncalves.fr\/index.php\/wp-json\/wp\/v2\/media\/226"}],"wp:attachment":[{"href":"https:\/\/etcgoncalves.fr\/index.php\/wp-json\/wp\/v2\/media?parent=34"}],"curies":[{"name":"wp","href":"https:\/\/api.w.org\/{rel}","templated":true}]}}